{"id":1490,"date":"2024-08-23T18:51:05","date_gmt":"2024-08-23T21:51:05","guid":{"rendered":"https:\/\/cs42-sfe.infd.edu.ar\/sitio\/?page_id=1490"},"modified":"2024-08-23T18:51:06","modified_gmt":"2024-08-23T21:51:06","slug":"concurso","status":"publish","type":"page","link":"https:\/\/cs42-sfe.infd.edu.ar\/sitio\/concurso\/","title":{"rendered":"Concurso"},"content":{"rendered":"\n<p class=\"has-large-font-size\"><strong>Concurso Fotogr\u00e1fico \u201cDesarrollo sostenible en Vera: miradas puestas en la realidad\u201d<\/strong><\/p>\n\n\n\n<p><strong>\u00bfQui\u00e9n organiza?<\/strong><\/p>\n\n\n\n<p>El Nivel Terciario del Colegio Superior N\u00ba 42 \u201cDr. Agust\u00edn Luis Rossi\u201d a trav\u00e9s de su equipo de investigaci\u00f3n sobre Educaci\u00f3n para el Desarrollo Sostenible (EDS).<\/p>\n\n\n\n<p><strong>\u00bfQui\u00e9nes son los auspiciantes?<\/strong><\/p>\n\n\n\n<ul>\n<li>La Municipalidad de la Ciudad de Vera<\/li>\n\n\n\n<li>Comisi\u00f3n de Asociados del Banco Credicoop, Filial 377 (Vera)<\/li>\n\n\n\n<li>La Senadur\u00eda Provincial por el Departamento Vera<\/li>\n<\/ul>\n\n\n\n<p><strong>\u00bfQui\u00e9nes pueden participar?<\/strong><\/p>\n\n\n\n<p>Alumnos regulares de establecimientos educativos de Nivel Secundario o Terciario de la ciudad de Vera, ya sean de gesti\u00f3n p\u00fablica o privada que deseen participar manifestando su aceptaci\u00f3n de las bases y condiciones.<\/p>\n\n\n\n<p><strong>\u00bfQu\u00e9 se pretende lograr con esta actividad?<\/strong><\/p>\n\n\n\n<p>Que los y las estudiantes se expresen a trav\u00e9s de las fotograf\u00edas tomadas en la ciudad de Vera lo que entienden por el desarrollo econ\u00f3mico, social y ambiental o su contracara, el no-desarrollo, desde una perspectiva generacional. Esta convocatoria est\u00e1 orientada a estimular la creatividad a partir del conocimiento que se tenga sobre los 17 Objetivos del Desarrollo Sostenible, con base en los ODS de UNESCO.<\/p>\n\n\n\n<figure class=\"wp-block-gallery has-nested-images columns-default is-cropped wp-block-gallery-1 is-layout-flex\">\n<figure class=\"wp-block-image size-large\"><img decoding=\"async\" loading=\"lazy\" width=\"936\" height=\"464\" data-id=\"1952\"  src=\"https:\/\/cs42-sfe.infd.edu.ar\/sitio\/wp-content\/uploads\/2024\/08\/sdgs_poster_936_es-2.png\" alt=\"\" class=\"wp-image-1952\" srcset=\"https:\/\/cs42-sfe.infd.edu.ar\/sitio\/wp-content\/uploads\/2024\/08\/sdgs_poster_936_es-2.png 936w, https:\/\/cs42-sfe.infd.edu.ar\/sitio\/wp-content\/uploads\/2024\/08\/sdgs_poster_936_es-2-768x381.png 768w\" sizes=\"(max-width: 936px) 100vw, 936px\" \/><\/figure>\n<\/figure>\n\n\n\n<p><strong>\u00bfSobre qu\u00e9 temas pueden tratar las fotograf\u00edas que participen del concurso?<\/strong><\/p>\n\n\n\n<p>Las im\u00e1genes fotogr\u00e1ficas podr\u00edan concentrarse en reflejar las interpretaciones que las y los&nbsp; autores tengan de los siguientes conceptos resaltados en la s\u00edntesis de los<strong>&nbsp;objetivos&nbsp;<\/strong>contenidos en la Resoluci\u00f3n de la Asamblea de Naciones Unidas:<\/p>\n\n\n\n<ol type=\"1\">\n<li>Poner fin a la pobreza en todas sus formas y en todo el mundo;<\/li>\n\n\n\n<li>Poner fin al hambre, lograr la seguridad alimentaria y la mejora de la nutrici\u00f3n y promover la agricultura sostenible<\/li>\n\n\n\n<li>Garantizar una vida sana y promover el bienestar de todos a todas las edades<\/li>\n\n\n\n<li>Garantizar una educaci\u00f3n inclusiva y equitativa de calidad y promover oportunidades de aprendizaje permanente para todos<\/li>\n\n\n\n<li>Lograr la igualdad de g\u00e9nero y empoderar a todas las mujeres y las ni\u00f1as<\/li>\n\n\n\n<li>Garantizar la disponibilidad y la gesti\u00f3n sostenible del agua y el saneamiento para todos<\/li>\n\n\n\n<li>Garantizar el acceso a una energ\u00eda asequible, fiable, sostenible y moderna para todos<\/li>\n\n\n\n<li>Promover el crecimiento econ\u00f3mico sostenido, inclusivo y sostenible, el empleo pleno y productivo y el trabajo decente para todos<\/li>\n\n\n\n<li>Construir infraestructuras resilientes, promover la industrializaci\u00f3n inclusiva y sostenible y fomentar la innovaci\u00f3n<\/li>\n\n\n\n<li>Reducir la desigualdad en los pa\u00edses y entre ellos<\/li>\n\n\n\n<li>Lograr que las ciudades y los asentamientos humanos sean inclusivos, seguros, resilientes y sostenibles<\/li>\n\n\n\n<li>Garantizar modalidades de consumo y producci\u00f3n sostenibles<\/li>\n\n\n\n<li>Adoptar medidas urgentes para combatir el cambio clim\u00e1tico y sus efectos<\/li>\n\n\n\n<li>Conservar y utilizar sosteniblemente los oc\u00e9anos, los mares y los recursos marinos para el desarrollo sostenible<\/li>\n\n\n\n<li>Proteger, restablecer y promover el uso sostenible de los ecosistemas terrestres, gestionar sosteniblemente los bosques, luchar contra la desertificaci\u00f3n, detener e invertir la degradaci\u00f3n de las tierras y detener la p\u00e9rdida de biodiversidad<\/li>\n\n\n\n<li>Promover sociedades pac\u00edficas e inclusivas para el desarrollo sostenible, facilitar el acceso a la justicia para todos y construir a todos los niveles instituciones eficaces e inclusivas que rindan cuentas<\/li>\n\n\n\n<li>Fortalecer los medios de implementaci\u00f3n y revitalizar la Alianza Mundial para el Desarrollo Sostenible<\/li>\n<\/ol>\n\n\n\n<p><strong>\u00bfQui\u00e9nes integran el jurado evaluador?<\/strong><\/p>\n\n\n\n<p>Est\u00e1 conformado por ciudadanos de la localidad que apreciar\u00e1n las fotograf\u00edas participantes con una mirada integral. Fue configurado de modo tal que se propicie el di\u00e1logo intergeneracional con perspectiva de g\u00e9nero,&nbsp; atendiendo a los ODS y al arte.<\/p>\n\n\n\n<p>Sus integrantes son: \u00c1ngel Parra, Andrea Saliba, Juan Camilo Gonz\u00e1lez Laplace, Noral\u00ed Vicente, Nelvio Pretto, Marcelo Boyeras, y Mercedes Costa<\/p>\n\n\n\n<p><strong>\u00bfCu\u00e1les son los premios?<\/strong><\/p>\n\n\n\n<p>1\u00ba premio: &nbsp;Tablet \u2013 MTK8321 ARM-A7 1.3GHZ Quad-Core<\/p>\n\n\n\n<p>2\u00ba premio:&nbsp; Web cam-480p \u2013 usb + miniplug micr\u00f3fono-Netmak (NM-WEB01)<\/p>\n\n\n\n<p>3\u00ba premio:&nbsp; Auriculares con micr\u00f3fono gamer HS- G600V<\/p>\n\n\n\n<p><strong>\u00bfQu\u00e9 debo hacer para participar?<\/strong>&nbsp;(pasos a seguir)<\/p>\n\n\n\n<p>1- Inscribirse&nbsp; entre el 13 de septiembre y el 13 de octubre de 2021 a trav\u00e9s del link\u2026. , completando el formulario con tus datos personales y un pseud\u00f3nimo, como as\u00ed tambi\u00e9n los datos de un adulto referente, en caso de los menores de 18 a\u00f1os.<\/p>\n\n\n\n<p>2- Aceptar las bases del concurso<\/p>\n\n\n\n<p>3- Enviar la foto participante por Whatsapp al n\u00famero 3483- 400461 con el pseud\u00f3nimo del conscursante. La foto compartida ser\u00e1 pulicada en nuestras redes sociales de Instagram y\/o Facebook) creados especialmente para este concurso, cuidando que no se conozca la identidad real.<a href=\"https:\/\/cs42-sfe.infd.edu.ar\/sitio\/investigacion-actividades\/#_msocom_1\">[1]<\/a>&nbsp;<\/p>\n\n\n\n<ul>\n<li>&nbsp;&nbsp;&nbsp;<a href=\"https:\/\/www.facebook.com\/Educ-Desarrollo-Sostenible-Vera\">https:\/\/www.facebook.com\/Educ-Desarrollo-Sostenible-Vera<\/a><\/li>\n\n\n\n<li>&nbsp;&nbsp;&nbsp;<a href=\"https:\/\/www.facebook.com\/edudesarrollosostvera42\/\">https:\/\/www.facebook.com\/edudesarrollosostvera42\/<\/a><\/li>\n<\/ul>\n\n\n\n<figure class=\"wp-block-embed\"><div class=\"wp-block-embed__wrapper\">\nhttps:\/\/instagram.com\/educ_desarrollosostvera42\n<\/div><\/figure>\n\n\n\n<p><strong>\u00bfCu\u00e1les son las bases del concurso?<\/strong><\/p>\n\n\n\n<p>Participar\u00e1n del concurso los y las estudiantes de instituciones educativas del Nivel Secundario o Terciario, de gesti\u00f3n p\u00fablica o privada, de la ciudad de Vera.<\/p>\n\n\n\n<ul>\n<li>Cada participante deber\u00e1 inscribirse una \u00fanica vez en los tiempos establecidos a tal fin mediante el completamiento de un formulario on line donde adem\u00e1s de consignar sus datos personales aceptar\u00e1 las bases del concurso.<\/li>\n\n\n\n<li>Deber\u00e1 utilizar un seud\u00f3nimo con el fin de garantizar el anonimato. El jurado solamente acceder\u00e1 a las fotograf\u00edas y seud\u00f3nimos para realizar su trabajo de preselecci\u00f3n de 10 (diez) fotos, entre las cuales ser\u00e1n premiadas solamente 3 (tres).<\/li>\n\n\n\n<li>Podr\u00e1 concursar la presentaci\u00f3n de una sola imagen por participante en formato .jpg cuya resoluci\u00f3n sea entre 250 y 350 dpi, de modo que se garantice la calidad de la fotograf\u00eda al ser impresa si resulta preseleccionada.<\/li>\n\n\n\n<li><a href=\"https:\/\/cs42-sfe.infd.edu.ar\/sitio\/investigacion-actividades\/#_msocom_2\">[2]<\/a>&nbsp;, resguardando la identidad de los participantes. Esto estar\u00e1 a cargo de los organizadores del concurso.<\/li>\n<\/ul>\n\n\n\n<p><strong>\u00bfCu\u00e1les son los tiempos de cada etapa?<\/strong><\/p>\n\n\n\n<ul>\n<li>Inscripci\u00f3n: desde el 13 de septiembre de 2021 y hasta el 13 de octubre de&nbsp; 2021, a las 23:59.<\/li>\n\n\n\n<li>Env\u00edo de la fotograf\u00eda participante: Desde el 14 de septiembre de 2021 y hasta el 13 de octubre de&nbsp; 2021, a las 23:59.<\/li>\n\n\n\n<li>Deliberaci\u00f3n del jurado: &nbsp;desde 14 de octubre hasta el 05 de noviembre de 2021<\/li>\n\n\n\n<li>Comunicaci\u00f3n de resultados: 15 de noviembre de 2021<\/li>\n\n\n\n<li>Muestra fotogr\u00e1fica: entre el 21 y 22 de noviembre de 2021<\/li>\n<\/ul>\n\n\n\n<p><strong>\u00bfQui\u00e9nes son los auspiciantes?<\/strong><\/p>\n\n\n\n<ul>\n<li>La Municipalidad de la Ciudad de Vera<\/li>\n\n\n\n<li>Comisi\u00f3n de Asociados del Banco Credicoop, Filial N\u00ba 377 (Vera)<\/li>\n\n\n\n<li>La Senadur\u00eda de la Provincia de Santa Fe por el Departamento Vera<\/li>\n<\/ul>\n\n\n\n<figure class=\"wp-block-gallery has-nested-images columns-5 is-cropped wp-block-gallery-3 is-layout-flex\">\n<figure class=\"wp-block-image size-large\"><img decoding=\"async\" loading=\"lazy\" width=\"677\" height=\"893\" data-id=\"1954\"  src=\"https:\/\/cs42-sfe.infd.edu.ar\/sitio\/wp-content\/uploads\/2024\/08\/WhatsApp-Image-2024-08-23-at-18.29.13.jpeg\" alt=\"\" class=\"wp-image-1954\"\/><\/figure>\n\n\n\n<figure class=\"wp-block-image size-large\"><img decoding=\"async\" loading=\"lazy\" width=\"1280\" height=\"1024\" data-id=\"1957\"  src=\"https:\/\/cs42-sfe.infd.edu.ar\/sitio\/wp-content\/uploads\/2024\/08\/WhatsApp-Image-2024-08-23-at-18.29.23.jpeg\" alt=\"\" class=\"wp-image-1957\" srcset=\"https:\/\/cs42-sfe.infd.edu.ar\/sitio\/wp-content\/uploads\/2024\/08\/WhatsApp-Image-2024-08-23-at-18.29.23.jpeg 1280w, https:\/\/cs42-sfe.infd.edu.ar\/sitio\/wp-content\/uploads\/2024\/08\/WhatsApp-Image-2024-08-23-at-18.29.23-1000x800.jpeg 1000w, https:\/\/cs42-sfe.infd.edu.ar\/sitio\/wp-content\/uploads\/2024\/08\/WhatsApp-Image-2024-08-23-at-18.29.23-768x614.jpeg 768w\" sizes=\"(max-width: 1280px) 100vw, 1280px\" \/><\/figure>\n\n\n\n<figure class=\"wp-block-image size-large\"><img decoding=\"async\" loading=\"lazy\" width=\"1280\" height=\"645\" data-id=\"1958\"  src=\"https:\/\/cs42-sfe.infd.edu.ar\/sitio\/wp-content\/uploads\/2024\/08\/WhatsApp-Image-2024-08-23-at-18.29.00.jpeg\" alt=\"\" class=\"wp-image-1958\" srcset=\"https:\/\/cs42-sfe.infd.edu.ar\/sitio\/wp-content\/uploads\/2024\/08\/WhatsApp-Image-2024-08-23-at-18.29.00.jpeg 1280w, https:\/\/cs42-sfe.infd.edu.ar\/sitio\/wp-content\/uploads\/2024\/08\/WhatsApp-Image-2024-08-23-at-18.29.00-1000x504.jpeg 1000w, https:\/\/cs42-sfe.infd.edu.ar\/sitio\/wp-content\/uploads\/2024\/08\/WhatsApp-Image-2024-08-23-at-18.29.00-768x387.jpeg 768w\" sizes=\"(max-width: 1280px) 100vw, 1280px\" \/><\/figure>\n\n\n\n<figure class=\"wp-block-image size-large\"><img decoding=\"async\" loading=\"lazy\" width=\"1600\" height=\"1066\" data-id=\"1959\"  src=\"https:\/\/cs42-sfe.infd.edu.ar\/sitio\/wp-content\/uploads\/2024\/08\/WhatsApp-Image-2024-08-23-at-18.28.46.jpeg\" alt=\"\" class=\"wp-image-1959\" srcset=\"https:\/\/cs42-sfe.infd.edu.ar\/sitio\/wp-content\/uploads\/2024\/08\/WhatsApp-Image-2024-08-23-at-18.28.46.jpeg 1600w, https:\/\/cs42-sfe.infd.edu.ar\/sitio\/wp-content\/uploads\/2024\/08\/WhatsApp-Image-2024-08-23-at-18.28.46-1000x666.jpeg 1000w, https:\/\/cs42-sfe.infd.edu.ar\/sitio\/wp-content\/uploads\/2024\/08\/WhatsApp-Image-2024-08-23-at-18.28.46-768x512.jpeg 768w, https:\/\/cs42-sfe.infd.edu.ar\/sitio\/wp-content\/uploads\/2024\/08\/WhatsApp-Image-2024-08-23-at-18.28.46-1536x1023.jpeg 1536w\" sizes=\"(max-width: 1600px) 100vw, 1600px\" \/><\/figure>\n\n\n\n<figure class=\"wp-block-image size-large\"><img decoding=\"async\" loading=\"lazy\" width=\"719\" height=\"785\" data-id=\"1955\"  src=\"https:\/\/cs42-sfe.infd.edu.ar\/sitio\/wp-content\/uploads\/2024\/08\/WhatsApp-Image-2024-08-23-at-18.28.33.jpeg\" alt=\"\" class=\"wp-image-1955\"\/><\/figure>\n\n\n\n<figure class=\"wp-block-image size-large\"><img decoding=\"async\" loading=\"lazy\" width=\"960\" height=\"1280\" data-id=\"1956\"  src=\"https:\/\/cs42-sfe.infd.edu.ar\/sitio\/wp-content\/uploads\/2024\/08\/WhatsApp-Image-2024-08-23-at-18.28.19.jpeg\" alt=\"\" class=\"wp-image-1956\" srcset=\"https:\/\/cs42-sfe.infd.edu.ar\/sitio\/wp-content\/uploads\/2024\/08\/WhatsApp-Image-2024-08-23-at-18.28.19.jpeg 960w, https:\/\/cs42-sfe.infd.edu.ar\/sitio\/wp-content\/uploads\/2024\/08\/WhatsApp-Image-2024-08-23-at-18.28.19-750x1000.jpeg 750w, https:\/\/cs42-sfe.infd.edu.ar\/sitio\/wp-content\/uploads\/2024\/08\/WhatsApp-Image-2024-08-23-at-18.28.19-768x1024.jpeg 768w\" sizes=\"(max-width: 960px) 100vw, 960px\" \/><\/figure>\n\n\n\n<figure class=\"wp-block-image size-large\"><img decoding=\"async\" loading=\"lazy\" width=\"986\" height=\"1232\" data-id=\"1960\"  src=\"https:\/\/cs42-sfe.infd.edu.ar\/sitio\/wp-content\/uploads\/2024\/08\/WhatsApp-Image-2024-08-23-at-18.27.57.jpeg\" alt=\"\" class=\"wp-image-1960\" srcset=\"https:\/\/cs42-sfe.infd.edu.ar\/sitio\/wp-content\/uploads\/2024\/08\/WhatsApp-Image-2024-08-23-at-18.27.57.jpeg 986w, https:\/\/cs42-sfe.infd.edu.ar\/sitio\/wp-content\/uploads\/2024\/08\/WhatsApp-Image-2024-08-23-at-18.27.57-800x1000.jpeg 800w, https:\/\/cs42-sfe.infd.edu.ar\/sitio\/wp-content\/uploads\/2024\/08\/WhatsApp-Image-2024-08-23-at-18.27.57-768x960.jpeg 768w\" sizes=\"(max-width: 986px) 100vw, 986px\" \/><\/figure>\n\n\n\n<figure class=\"wp-block-image size-large\"><img decoding=\"async\" loading=\"lazy\" width=\"720\" height=\"1280\" data-id=\"1961\"  src=\"https:\/\/cs42-sfe.infd.edu.ar\/sitio\/wp-content\/uploads\/2024\/08\/WhatsApp-Image-2024-08-23-at-18.27.43.jpeg\" alt=\"\" class=\"wp-image-1961\" srcset=\"https:\/\/cs42-sfe.infd.edu.ar\/sitio\/wp-content\/uploads\/2024\/08\/WhatsApp-Image-2024-08-23-at-18.27.43.jpeg 720w, https:\/\/cs42-sfe.infd.edu.ar\/sitio\/wp-content\/uploads\/2024\/08\/WhatsApp-Image-2024-08-23-at-18.27.43-563x1000.jpeg 563w\" sizes=\"(max-width: 720px) 100vw, 720px\" \/><\/figure>\n\n\n\n<figure class=\"wp-block-image size-large\"><img decoding=\"async\" loading=\"lazy\" width=\"1156\" height=\"868\" data-id=\"1962\"  src=\"https:\/\/cs42-sfe.infd.edu.ar\/sitio\/wp-content\/uploads\/2024\/08\/WhatsApp-Image-2024-08-23-at-18.27.21.jpeg\" alt=\"\" class=\"wp-image-1962\" srcset=\"https:\/\/cs42-sfe.infd.edu.ar\/sitio\/wp-content\/uploads\/2024\/08\/WhatsApp-Image-2024-08-23-at-18.27.21.jpeg 1156w, https:\/\/cs42-sfe.infd.edu.ar\/sitio\/wp-content\/uploads\/2024\/08\/WhatsApp-Image-2024-08-23-at-18.27.21-1000x751.jpeg 1000w, https:\/\/cs42-sfe.infd.edu.ar\/sitio\/wp-content\/uploads\/2024\/08\/WhatsApp-Image-2024-08-23-at-18.27.21-768x577.jpeg 768w\" sizes=\"(max-width: 1156px) 100vw, 1156px\" \/><\/figure>\n<\/figure>\n\n\n\n<figure class=\"wp-block-image size-full\"><img decoding=\"async\" loading=\"lazy\" width=\"907\" height=\"530\" src=\"https:\/\/cs42-sfe.infd.edu.ar\/sitio\/wp-content\/uploads\/2024\/08\/lista-de-ganadores.png\" alt=\"\" class=\"wp-image-1963\" srcset=\"https:\/\/cs42-sfe.infd.edu.ar\/sitio\/wp-content\/uploads\/2024\/08\/lista-de-ganadores.png 907w, https:\/\/cs42-sfe.infd.edu.ar\/sitio\/wp-content\/uploads\/2024\/08\/lista-de-ganadores-768x449.png 768w\" sizes=\"(max-width: 907px) 100vw, 907px\" \/><\/figure>\n\n\n\n<figure class=\"wp-block-image size-full\"><img decoding=\"async\" loading=\"lazy\" width=\"1264\" height=\"248\" src=\"https:\/\/cs42-sfe.infd.edu.ar\/sitio\/wp-content\/uploads\/2024\/08\/Sin-titulo.png\" alt=\"\" class=\"wp-image-1964\" srcset=\"https:\/\/cs42-sfe.infd.edu.ar\/sitio\/wp-content\/uploads\/2024\/08\/Sin-titulo.png 1264w, https:\/\/cs42-sfe.infd.edu.ar\/sitio\/wp-content\/uploads\/2024\/08\/Sin-titulo-1000x196.png 1000w, https:\/\/cs42-sfe.infd.edu.ar\/sitio\/wp-content\/uploads\/2024\/08\/Sin-titulo-768x151.png 768w\" sizes=\"(max-width: 1264px) 100vw, 1264px\" \/><\/figure>\n","protected":false},"excerpt":{"rendered":"<p>Concurso Fotogr\u00e1fico \u201cDesarrollo sostenible en Vera: miradas puestas en la realidad\u201d \u00bfQui\u00e9n organiza? El Nivel Terciario del Colegio Superior N\u00ba 42 \u201cDr. Agust\u00edn Luis Rossi\u201d a trav\u00e9s de su equipo de investigaci\u00f3n sobre Educaci\u00f3n para el Desarrollo Sostenible (EDS). \u00bfQui\u00e9nes son los auspiciantes? \u00bfQui\u00e9nes pueden participar? Alumnos regulares de establecimientos educativos de Nivel Secundario o &#8230; <a title=\"Concurso\" class=\"read-more\" href=\"https:\/\/cs42-sfe.infd.edu.ar\/sitio\/concurso\/\" aria-label=\"More on Concurso\">[+]<\/a><\/p>\n","protected":false},"author":37,"featured_media":0,"parent":0,"menu_order":0,"comment_status":"closed","ping_status":"closed","template":"","meta":[],"acf":[],"_links":{"self":[{"href":"https:\/\/cs42-sfe.infd.edu.ar\/sitio\/wp-json\/wp\/v2\/pages\/1490"}],"collection":[{"href":"https:\/\/cs42-sfe.infd.edu.ar\/sitio\/wp-json\/wp\/v2\/pages"}],"about":[{"href":"https:\/\/cs42-sfe.infd.edu.ar\/sitio\/wp-json\/wp\/v2\/types\/page"}],"author":[{"embeddable":true,"href":"https:\/\/cs42-sfe.infd.edu.ar\/sitio\/wp-json\/wp\/v2\/users\/37"}],"replies":[{"embeddable":true,"href":"https:\/\/cs42-sfe.infd.edu.ar\/sitio\/wp-json\/wp\/v2\/comments?post=1490"}],"version-history":[{"count":4,"href":"https:\/\/cs42-sfe.infd.edu.ar\/sitio\/wp-json\/wp\/v2\/pages\/1490\/revisions"}],"predecessor-version":[{"id":1967,"href":"https:\/\/cs42-sfe.infd.edu.ar\/sitio\/wp-json\/wp\/v2\/pages\/1490\/revisions\/1967"}],"wp:attachment":[{"href":"https:\/\/cs42-sfe.infd.edu.ar\/sitio\/wp-json\/wp\/v2\/media?parent=1490"}],"curies":[{"name":"wp","href":"https:\/\/api.w.org\/{rel}","templated":true}]}}